{"id":6326,"date":"2026-03-15T13:26:24","date_gmt":"2026-03-15T13:26:24","guid":{"rendered":"https:\/\/engineering-dev.ciu.edu.tr\/?page_id=6326"},"modified":"2026-03-15T13:48:14","modified_gmt":"2026-03-15T13:48:14","slug":"news","status":"publish","type":"page","link":"https:\/\/eng.ciu.edu.tr\/tr\/news\/","title":{"rendered":"Haberler"},"content":{"rendered":"<div class=\"ciu-news-wrap ciu-news-list-wrap\"><h1 class=\"ciu-news-page-title\">Haberler<\/h1><div class=\"ciu-card-grid\"><article class=\"ciu-news-card\"><a class=\"ciu-news-card-image\" href=\"https:\/\/eng.ciu.edu.tr\/tr\/haberler\/ukude-fikri-mulkiyet-ve-patentleme-surecleri-ele-alindi\/\"><img decoding=\"async\" src=\"https:\/\/ciu.edu.tr\/sites\/default\/files\/styles\/350x210\/public\/2026-04\/uku-fikri-mulkiyet-patentleme-surecleri.jpg?h=1dae1bb5&#038;itok=fgTr3MJd\" alt=\"UK\u00dc\u2019de Fikri M\u00fclkiyet ve Patentleme S\u00fcre\u00e7leri Ele Al\u0131nd\u0131\"><\/a><div class=\"ciu-news-card-content\"><div class=\"ciu-news-card-date\">3 Nisan 2026<\/div><h4 class=\"ciu-news-card-title\"><a href=\"https:\/\/eng.ciu.edu.tr\/tr\/haberler\/ukude-fikri-mulkiyet-ve-patentleme-surecleri-ele-alindi\/\">UK\u00dc\u2019de Fikri M\u00fclkiyet ve Patentleme S\u00fcre\u00e7leri Ele Al\u0131nd\u0131<\/a><\/h4><div class=\"ciu-news-card-summary\">UK\u00dc M\u00fchendislik Fak\u00fcltesi taraf\u0131ndan d\u00fczenlenen seminerde, alan\u0131nda uluslararas\u0131 deneyime sahip...<\/div><a class=\"ciu-card-link\" href=\"https:\/\/eng.ciu.edu.tr\/tr\/haberler\/ukude-fikri-mulkiyet-ve-patentleme-surecleri-ele-alindi\/\">Devam\u0131n\u0131 oku<\/a><\/div><\/article><article class=\"ciu-news-card\"><a class=\"ciu-news-card-image\" href=\"https:\/\/eng.ciu.edu.tr\/tr\/haberler\/tasarimdan-uygulamaya-uzanan-surec-mercek-altinda\/\"><img decoding=\"async\" src=\"https:\/\/ciu.edu.tr\/sites\/default\/files\/styles\/350x210\/public\/2026-03\/uku-tasarimdan-uygulamaya-uzanan-surec.jpg?h=1dae1bb5&#038;itok=Dq38R73w\" alt=\"Tasar\u0131mdan Uygulamaya Uzanan S\u00fcre\u00e7 Mercek Alt\u0131nda\"><\/a><div class=\"ciu-news-card-content\"><div class=\"ciu-news-card-date\">26 Mart 2026<\/div><h4 class=\"ciu-news-card-title\"><a href=\"https:\/\/eng.ciu.edu.tr\/tr\/haberler\/tasarimdan-uygulamaya-uzanan-surec-mercek-altinda\/\">Tasar\u0131mdan Uygulamaya Uzanan S\u00fcre\u00e7 Mercek Alt\u0131nda<\/a><\/h4><div class=\"ciu-news-card-summary\">UK\u00dc b\u00fcnyesinde d\u00fczenlenen \u201cMimarlar ve M\u00fchendisler: Roller ve Beklentiler\u201d ba\u015fl\u0131kl\u0131...<\/div><a class=\"ciu-card-link\" href=\"https:\/\/eng.ciu.edu.tr\/tr\/haberler\/tasarimdan-uygulamaya-uzanan-surec-mercek-altinda\/\">Devam\u0131n\u0131 oku<\/a><\/div><\/article><article class=\"ciu-news-card\"><a class=\"ciu-news-card-image\" href=\"https:\/\/eng.ciu.edu.tr\/tr\/haberler\/ukude-bilim-ve-teknolojinin-toplumsal-rolu-degerlendirildi\/\"><img decoding=\"async\" src=\"https:\/\/ciu.edu.tr\/sites\/default\/files\/styles\/350x210\/public\/2026-03\/uku-bilim-teknoloji-rolu-degerlendirildi.jpeg?h=1dae1bb5&#038;itok=eldOugS8\" alt=\"UK\u00dc\u2019de Bilim ve Teknolojinin Toplumsal Rol\u00fc De\u011ferlendirildi\"><\/a><div class=\"ciu-news-card-content\"><div class=\"ciu-news-card-date\">9 Mart 2026<\/div><h4 class=\"ciu-news-card-title\"><a href=\"https:\/\/eng.ciu.edu.tr\/tr\/haberler\/ukude-bilim-ve-teknolojinin-toplumsal-rolu-degerlendirildi\/\">UK\u00dc\u2019de Bilim ve Teknolojinin Toplumsal Rol\u00fc De\u011ferlendirildi<\/a><\/h4><div class=\"ciu-news-card-summary\">UK\u00dc M\u00fchendislik Fak\u00fcltesi Dekan Yard\u0131mc\u0131s\u0131 Do\u00e7. Dr. H\u00fcseyin \u00d6ztoprak, 8\u201314...<\/div><a class=\"ciu-card-link\" href=\"https:\/\/eng.ciu.edu.tr\/tr\/haberler\/ukude-bilim-ve-teknolojinin-toplumsal-rolu-degerlendirildi\/\">Devam\u0131n\u0131 oku<\/a><\/div><\/article><article class=\"ciu-news-card\"><a class=\"ciu-news-card-image\" href=\"https:\/\/eng.ciu.edu.tr\/tr\/haberler\/dunya-muhendislik-gununde-ukuden-mesaj\/\"><img decoding=\"async\" src=\"https:\/\/ciu.edu.tr\/sites\/default\/files\/styles\/350x210\/public\/2026-03\/uku-surdurulebilir-kalkinma-muhendislik-gunu.jpg?h=1dae1bb5&#038;itok=ZWKCjiYe\" alt=\"D\u00fcnya M\u00fchendislik G\u00fcn\u00fc\u2019nde UK\u00dc\u2019den Mesaj\"><\/a><div class=\"ciu-news-card-content\"><div class=\"ciu-news-card-date\">5 Mart 2026<\/div><h4 class=\"ciu-news-card-title\"><a href=\"https:\/\/eng.ciu.edu.tr\/tr\/haberler\/dunya-muhendislik-gununde-ukuden-mesaj\/\">D\u00fcnya M\u00fchendislik G\u00fcn\u00fc\u2019nde UK\u00dc\u2019den Mesaj<\/a><\/h4><div class=\"ciu-news-card-summary\">UK\u00dc M\u00fchendislik Fak\u00fcltesi \u00f6\u011fretim \u00fcyesi Prof. Dr. Serkan Abbaso\u011flu, 4...<\/div><a class=\"ciu-card-link\" href=\"https:\/\/eng.ciu.edu.tr\/tr\/haberler\/dunya-muhendislik-gununde-ukuden-mesaj\/\">Devam\u0131n\u0131 oku<\/a><\/div><\/article><article class=\"ciu-news-card\"><a class=\"ciu-news-card-image\" href=\"https:\/\/eng.ciu.edu.tr\/tr\/haberler\/kibrisin-tarihsel-deprem-gecmisi\/\"><img decoding=\"async\" src=\"https:\/\/ciu.edu.tr\/sites\/default\/files\/styles\/350x210\/public\/2026-03\/uku-kibris-tarihsel-deprem-gecmisi.jpg?h=1dae1bb5&#038;itok=Ql7lHe0o\" alt=\"K\u0131br\u0131s\u2019\u0131n Tarihsel Deprem Ge\u00e7mi\u015fi\"><\/a><div class=\"ciu-news-card-content\"><div class=\"ciu-news-card-date\">28 \u015eubat 2026<\/div><h4 class=\"ciu-news-card-title\"><a href=\"https:\/\/eng.ciu.edu.tr\/tr\/haberler\/kibrisin-tarihsel-deprem-gecmisi\/\">K\u0131br\u0131s\u2019\u0131n Tarihsel Deprem Ge\u00e7mi\u015fi<\/a><\/h4><div class=\"ciu-news-card-summary\">1-4 Mart Deprem Haftas\u0131 kapsam\u0131nda de\u011ferlendirmelerde bulunan UK\u00dc Petrol ve...<\/div><a class=\"ciu-card-link\" href=\"https:\/\/eng.ciu.edu.tr\/tr\/haberler\/kibrisin-tarihsel-deprem-gecmisi\/\">Devam\u0131n\u0131 oku<\/a><\/div><\/article><article class=\"ciu-news-card\"><a class=\"ciu-news-card-image\" href=\"https:\/\/eng.ciu.edu.tr\/tr\/haberler\/ukulu-akademisyenden-su-krizine-iliskin-degerlendirme\/\"><img decoding=\"async\" src=\"https:\/\/ciu.edu.tr\/sites\/default\/files\/styles\/350x210\/public\/2026-02\/uku-su-krizine-iliskin-degerlendirme.jpg?h=1dae1bb5&#038;itok=Y8iwNpWF\" alt=\"UK\u00dc\u2019l\u00fc Akademisyenden Su Krizine \u0130li\u015fkin De\u011ferlendirme\"><\/a><div class=\"ciu-news-card-content\"><div class=\"ciu-news-card-date\">16 \u015eubat 2026<\/div><h4 class=\"ciu-news-card-title\"><a href=\"https:\/\/eng.ciu.edu.tr\/tr\/haberler\/ukulu-akademisyenden-su-krizine-iliskin-degerlendirme\/\">UK\u00dc\u2019l\u00fc Akademisyenden Su Krizine \u0130li\u015fkin De\u011ferlendirme<\/a><\/h4><div class=\"ciu-news-card-summary\">UK\u00dc M\u00fchendislik Fak\u00fcltesi \u00c7evre M\u00fchendisli\u011fi B\u00f6l\u00fcm\u00fc \u00f6\u011fretim \u00fcyesi Prof. Dr....<\/div><a class=\"ciu-card-link\" href=\"https:\/\/eng.ciu.edu.tr\/tr\/haberler\/ukulu-akademisyenden-su-krizine-iliskin-degerlendirme\/\">Devam\u0131n\u0131 oku<\/a><\/div><\/article><article class=\"ciu-news-card\"><a class=\"ciu-news-card-image\" href=\"https:\/\/eng.ciu.edu.tr\/tr\/haberler\/bilimde-kadin-ve-kiz-cocuklari-gununde-esitlik\/\"><img decoding=\"async\" src=\"https:\/\/ciu.edu.tr\/sites\/default\/files\/styles\/350x210\/public\/2026-02\/uku-bilimde-kadin-kiz-cocuklari.jpg?h=1dae1bb5&#038;itok=L07Bclza\" alt=\"Bilimde Kad\u0131n ve K\u0131z \u00c7ocuklar\u0131 G\u00fcn\u00fc\u2019nde E\u015fitlik\"><\/a><div class=\"ciu-news-card-content\"><div class=\"ciu-news-card-date\">11 \u015eubat 2026<\/div><h4 class=\"ciu-news-card-title\"><a href=\"https:\/\/eng.ciu.edu.tr\/tr\/haberler\/bilimde-kadin-ve-kiz-cocuklari-gununde-esitlik\/\">Bilimde Kad\u0131n ve K\u0131z \u00c7ocuklar\u0131 G\u00fcn\u00fc\u2019nde E\u015fitlik<\/a><\/h4><div class=\"ciu-news-card-summary\">UK\u00dc \u00f6\u011fretim \u00fcyesi Yrd. Do\u00e7. Dr. Sara Salehi, 11 \u015eubat...<\/div><a class=\"ciu-card-link\" href=\"https:\/\/eng.ciu.edu.tr\/tr\/haberler\/bilimde-kadin-ve-kiz-cocuklari-gununde-esitlik\/\">Devam\u0131n\u0131 oku<\/a><\/div><\/article><article class=\"ciu-news-card\"><a class=\"ciu-news-card-image\" href=\"https:\/\/eng.ciu.edu.tr\/tr\/haberler\/su-krizi-ve-iklim-degisikligi\/\"><img decoding=\"async\" src=\"https:\/\/ciu.edu.tr\/sites\/default\/files\/styles\/350x210\/public\/2026-02\/uku-su-krizi-iklim-degisikligi-web1.jpeg?h=cfaa9d5c&#038;itok=85Yn1nf8\" alt=\"Su Krizi ve \u0130klim De\u011fi\u015fikli\u011fi\"><\/a><div class=\"ciu-news-card-content\"><div class=\"ciu-news-card-date\">6 \u015eubat 2026<\/div><h4 class=\"ciu-news-card-title\"><a href=\"https:\/\/eng.ciu.edu.tr\/tr\/haberler\/su-krizi-ve-iklim-degisikligi\/\">Su Krizi ve \u0130klim De\u011fi\u015fikli\u011fi<\/a><\/h4><div class=\"ciu-news-card-summary\">UK\u00dc M\u00fchendislik Fak\u00fcltesi \u00c7evre M\u00fchendisli\u011fi B\u00f6l\u00fcm\u00fc \u00f6\u011fretim \u00fcyesi Prof. Dr....<\/div><a class=\"ciu-card-link\" href=\"https:\/\/eng.ciu.edu.tr\/tr\/haberler\/su-krizi-ve-iklim-degisikligi\/\">Devam\u0131n\u0131 oku<\/a><\/div><\/article><article class=\"ciu-news-card\"><a class=\"ciu-news-card-image\" href=\"https:\/\/eng.ciu.edu.tr\/tr\/haberler\/ukude-capstone-proje-sergisi-gerceklestirildi\/\"><img decoding=\"async\" src=\"https:\/\/ciu.edu.tr\/sites\/default\/files\/styles\/350x210\/public\/2026-01\/uku-capstone-proje-sergisi-gerceklestirildi.jpg?h=1dae1bb5&#038;itok=qr6P77oR\" alt=\"UK\u00dc\u2019de Capstone Proje Sergisi Ger\u00e7ekle\u015ftirildi\"><\/a><div class=\"ciu-news-card-content\"><div class=\"ciu-news-card-date\">28 Ocak 2026<\/div><h4 class=\"ciu-news-card-title\"><a href=\"https:\/\/eng.ciu.edu.tr\/tr\/haberler\/ukude-capstone-proje-sergisi-gerceklestirildi\/\">UK\u00dc\u2019de Capstone Proje Sergisi Ger\u00e7ekle\u015ftirildi<\/a><\/h4><div class=\"ciu-news-card-summary\">UK\u00dc M\u00fchendislik Fak\u00fcltesi taraf\u0131ndan, mezuniyet a\u015famas\u0131ndaki \u00f6\u011frencilerin bitirme projelerini sundu\u011fu<\/div><a class=\"ciu-card-link\" href=\"https:\/\/eng.ciu.edu.tr\/tr\/haberler\/ukude-capstone-proje-sergisi-gerceklestirildi\/\">Devam\u0131n\u0131 oku<\/a><\/div><\/article><\/div><div class=\"ciu-news-pagination\"><a class=\"ciu-news-page-link active\" href=\"https:\/\/eng.ciu.edu.tr\/tr\/haberler\/\">1<\/a><a class=\"ciu-news-page-link\" href=\"https:\/\/eng.ciu.edu.tr\/tr\/haberler\/?news_page=1\">2<\/a><a class=\"ciu-news-page-link\" href=\"https:\/\/eng.ciu.edu.tr\/tr\/haberler\/?news_page=2\">3<\/a><a class=\"ciu-news-page-link\" href=\"https:\/\/eng.ciu.edu.tr\/tr\/haberler\/?news_page=3\">4<\/a><a class=\"ciu-news-page-link\" href=\"https:\/\/eng.ciu.edu.tr\/tr\/haberler\/?news_page=4\">5<\/a><a class=\"ciu-news-page-link\" href=\"https:\/\/eng.ciu.edu.tr\/tr\/haberler\/?news_page=5\">6<\/a><a class=\"ciu-news-page-link\" href=\"https:\/\/eng.ciu.edu.tr\/tr\/haberler\/?news_page=6\">7<\/a><a class=\"ciu-news-page-link\" href=\"https:\/\/eng.ciu.edu.tr\/tr\/haberler\/?news_page=7\">8<\/a><a class=\"ciu-news-page-link\" href=\"https:\/\/eng.ciu.edu.tr\/tr\/haberler\/?news_page=8\">9<\/a><a class=\"ciu-news-page-link\" href=\"https:\/\/eng.ciu.edu.tr\/tr\/haberler\/?news_page=9\">10<\/a><a class=\"ciu-news-page-link ciu-news-page-link-next\" href=\"https:\/\/eng.ciu.edu.tr\/tr\/haberler\/?news_page=1\">Sonraki<\/a><\/div><\/div>\n\n\n\n<p><\/p>","protected":false},"excerpt":{"rendered":"","protected":false},"author":1,"featured_media":0,"parent":0,"menu_order":0,"comment_status":"closed","ping_status":"closed","template":"","meta":{"_acf_changed":false,"footnotes":""},"faculty":[],"class_list":["post-6326","page","type-page","status-publish","hentry"],"acf":[],"_links":{"self":[{"href":"https:\/\/eng.ciu.edu.tr\/tr\/wp-json\/wp\/v2\/pages\/6326","targetHints":{"allow":["GET"]}}],"collection":[{"href":"https:\/\/eng.ciu.edu.tr\/tr\/wp-json\/wp\/v2\/pages"}],"about":[{"href":"https:\/\/eng.ciu.edu.tr\/tr\/wp-json\/wp\/v2\/types\/page"}],"author":[{"embeddable":true,"href":"https:\/\/eng.ciu.edu.tr\/tr\/wp-json\/wp\/v2\/users\/1"}],"replies":[{"embeddable":true,"href":"https:\/\/eng.ciu.edu.tr\/tr\/wp-json\/wp\/v2\/comments?post=6326"}],"version-history":[{"count":1,"href":"https:\/\/eng.ciu.edu.tr\/tr\/wp-json\/wp\/v2\/pages\/6326\/revisions"}],"predecessor-version":[{"id":6327,"href":"https:\/\/eng.ciu.edu.tr\/tr\/wp-json\/wp\/v2\/pages\/6326\/revisions\/6327"}],"wp:attachment":[{"href":"https:\/\/eng.ciu.edu.tr\/tr\/wp-json\/wp\/v2\/media?parent=6326"}],"wp:term":[{"taxonomy":"faculty","embeddable":true,"href":"https:\/\/eng.ciu.edu.tr\/tr\/wp-json\/wp\/v2\/faculty?post=6326"}],"curies":[{"name":"wp","href":"https:\/\/api.w.org\/{rel}","templated":true}]}}